{"id":8654,"date":"2026-09-03T14:30:12","date_gmt":"2026-09-03T12:30:12","guid":{"rendered":"https:\/\/apavil.ro\/?page_id=8654"},"modified":"2026-09-03T14:38:48","modified_gmt":"2026-09-03T12:38:48","slug":"sprijin-pentru-pregatirea-aplicatiei-de-finantare-si-a-documentatiilor-de-atribuire-pentru-proiectul-regional-de-dezvoltare-a-infrastructurii-de-apa-si-apa-uzata-din-judetul-valcea-in-perioada-201-2","status":"publish","type":"page","link":"https:\/\/apavil.ro\/?page_id=8654","title":{"rendered":"Proiect Regional de Dezvoltare a Infrastructurii de Ap\u0103 \u0219i Ap\u0103 Uzat\u0103 \u00een Jude\u021bul V\u00e2lcea"},"content":{"rendered":"\n<style>\n.wp-block-post-template{\nlist-style:none!important\n}\n#content .post {\npadding-bottom:0px;\n}\n.wp-block-separator{\nmargin: 1px 0;\n}\n<\/style>\n<table style=\"border:none;\"><tbody><tr><td class=\"has-text-align-center\" data-align=\"center\" style=\"border:0;width:400px;\"><img style=\"height: 100;\" src=\"https:\/\/apavil.ro\/materiale\/pdd\/pdd.png\"><\/td><td class=\"has-text-align-right\" data-align=\"right\" style=\"border:0; width:400px;\"><img style=\"height: 100px;\" src=\"https:\/\/apavil.ro\/materiale\/images\/sigla_guv_coroana_albastru.png\"><\/td><\/tr><\/tbody><\/table>\n\n\n\n<div class=\"wp-container-6 wp-block-group\"><div class=\"wp-block-group__inner-container\">\n<div class=\"wp-container-5 wp-block-query\"><ul class=\"wp-container-4 aligncenter wp-block-post-template\"><li class=\"wp-block-post post-7208 post type-post status-publish format-standard hentry category-pdd-2021-2027 category-pdd-sprijin\">\n\n<div class=\"wp-container-3 wp-container-2 wp-block-group\"><div class=\"wp-block-group__inner-container\">\n<div class=\"wp-container-1 wp-block-group\"><div class=\"wp-block-group__inner-container\"><\/div><\/div>\n<\/div><\/div>\n\n\n\n<hr class=\"wp-block-separator\"\/>\n\n<\/li><\/ul><\/div>\n<\/div><\/div>\n\n\n\n<div class=\"wp-container-9 wp-block-query\"><ul class=\"wp-container-8 wp-block-post-template\"><li class=\"wp-block-post post-8650 post type-post status-publish format-standard hentry category-comunicate-si-informari category-prdiaau\">\n<h5 class=\"wp-container-7 alignwide wp-block-post-title\"><a href=\"https:\/\/apavil.ro\/?p=8650\" target=\"_self\" rel=\"\">Semnarea Contractului de Finan\u021bare intitulat  \u201cProiect Regional de Dezvoltare a Infrastructurii de Ap\u0103 \u0219i Ap\u0103 Uzat\u0103 \u00een Jude\u021bul V\u00e2lcea\u201d<\/a><\/h5>\n<\/li><\/ul><\/div>\n\n\n\n<div style=\"padding-left:50px\">\n<link rel=\"stylesheet\" href=\"https:\/\/cdnjs.cloudflare.com\/ajax\/libs\/font-awesome\/4.7.0\/css\/font-awesome.min.css\">\n<p>\n<a href=\"https:\/\/apavil.ro\/materiale\/pdd\/Comunicat semnare contract 2_sept_2026.pdf\">\n<i aria-hidden=\"true\" class=\"far fa-file-pdf\" style=\"font-size:48px;color:red\"><\/i>\n<span class=\"elementor-icon-list-text\">APAVIL S.A. a semnat Contractul de finan\u021bare pentru proiectul: &#8220;Proiect Regional de Dezvoltare a Infrastructurii de Ap\u0103 \u0219i Ap\u0103 Uzat\u0103 \u00een Jude\u021bul V\u00e2lcea&#8221;<\/span>\n<\/a>\n<\/p>\n\n<\/div>\n\n\n\n<div style=\"width:100%; text-align:center;\"><p><br><\/p>\n<p><br><\/p>\n<p><br><\/p>\n<p><br><\/p>\n<p><br><\/p>\n<p><br><\/p>\n<p><br><\/p>\n<img loading=\"lazy\" src=\"https:\/\/apavil.ro\/wp-content\/uploads\/2025\/03\/cropped-apavil-logo.jpg\" alt=\"\" width=\"75\" height=\"75\"><\/div>\n<div style=\"width:100%; text-align:center;\">\n<p class=\"has-text-align-center\">Con\u021binutul acestui material nu reprezint\u0103 \u00een mod obligatoriu pozi\u021bia oficial\u0103 a Uniunii Europene sau a Guvernului Rom\u00e2niei<\/p>\n\n<p class=\"has-text-align-center\"> Pentru informa\u021bii detaliate despre celelalte programe cofinan\u021bate de Uniunea European\u0103, <br>v\u0103 invit\u0103m s\u0103 vizita\u021bi: <a href=\"https:\/\/mfe.gov.ro\/\">https:\/\/mfe.gov.ro\/<\/a><\/p> \n<\/div>\n","protected":false},"excerpt":{"rendered":"<p>APAVIL S.A. a semnat Contractul de finan\u021bare pentru proiectul: &#8220;Proiect Regional de Dezvoltare a Infrastructurii de Ap\u0103 \u0219i Ap\u0103 Uzat\u0103 \u00een Jude\u021bul V\u00e2lcea&#8221; Con\u021binutul acestui material nu reprezint\u0103 \u00een mod obligatoriu pozi\u021bia oficial\u0103 a Uniunii Europene sau a Guvernului Rom\u00e2niei<\/p>\n","protected":false},"author":1,"featured_media":0,"parent":0,"menu_order":0,"comment_status":"closed","ping_status":"closed","template":"","meta":[],"_links":{"self":[{"href":"https:\/\/apavil.ro\/index.php?rest_route=\/wp\/v2\/pages\/8654"}],"collection":[{"href":"https:\/\/apavil.ro\/index.php?rest_route=\/wp\/v2\/pages"}],"about":[{"href":"https:\/\/apavil.ro\/index.php?rest_route=\/wp\/v2\/types\/page"}],"author":[{"embeddable":true,"href":"https:\/\/apavil.ro\/index.php?rest_route=\/wp\/v2\/users\/1"}],"replies":[{"embeddable":true,"href":"https:\/\/apavil.ro\/index.php?rest_route=%2Fwp%2Fv2%2Fcomments&post=8654"}],"version-history":[{"count":5,"href":"https:\/\/apavil.ro\/index.php?rest_route=\/wp\/v2\/pages\/8654\/revisions"}],"predecessor-version":[{"id":8669,"href":"https:\/\/apavil.ro\/index.php?rest_route=\/wp\/v2\/pages\/8654\/revisions\/8669"}],"wp:attachment":[{"href":"https:\/\/apavil.ro\/index.php?rest_route=%2Fwp%2Fv2%2Fmedia&parent=8654"}],"curies":[{"name":"wp","href":"https:\/\/api.w.org\/{rel}","templated":true}]}}